{"id":4,"date":"2015-04-25T15:16:50","date_gmt":"2015-04-25T14:16:50","guid":{"rendered":"http:\/\/www.alt-ebensee.at\/wp\/?page_id=4"},"modified":"2020-01-07T13:29:34","modified_gmt":"2020-01-07T12:29:34","slug":"ueber-uns","status":"publish","type":"page","link":"https:\/\/www.alt-ebensee.at\/wp\/?page_id=4","title":{"rendered":"\u00dcber uns"},"content":{"rendered":"<div id=\"pl-4\"  class=\"panel-layout\" ><div id=\"pg-4-0\"  class=\"panel-grid panel-no-style\" ><div id=\"pgc-4-0-0\"  class=\"panel-grid-cell\" ><div id=\"panel-4-0-0-0\" class=\"so-panel widget widget_black-studio-tinymce widget_black_studio_tinymce panel-first-child panel-last-child\" data-index=\"0\" ><div class=\"textwidget\"><p class=\"bodytext\" style=\"line-height: 18.0pt; background: white; margin: 0cm 0cm 12.0pt 0cm;\"><span style=\"font-size: 9.0pt; font-family: 'Verdana',sans-serif; color: black;\">Die Gl\u00f6cklerpasse \"Alt-Ebensee\" hat es schon seit Beginn des 20. Jahrhunderts bis in die 1940er Jahre gegeben. \u00dcber den genauen Zeitpunkt der damaligen Gr\u00fcndung und Aufl\u00f6sung gibt es keine Aufzeichnungen.<\/span><\/p>\n<p class=\"bodytext\" style=\"line-height: 18.0pt; background: white; margin: 0cm 0cm 12.0pt 0cm;\"><span style=\"font-size: 9.0pt; font-family: 'Verdana',sans-serif; color: black;\">1973 wurde die Passe erneut gegr\u00fcndet.<br \/>\n<\/span><\/p>\n<p class=\"bodytext\" style=\"line-height: 18.0pt; background: white; margin: 0cm 0cm 12.0pt 0cm;\">Das Quartier der Alt-Ebenseer Gl\u00f6ckler befindet sich in der <a href=\"https:\/\/www.google.at\/maps\/place\/Almhausstra%C3%9Fe+24\/@47.8027368,13.7751088,18z\/data=!4m3!3m2!1s0x477151496302ac27:0xb5b99efbbb336b72!4b1\" target=\"_blank\" rel=\"noopener\">Almhausstr. 24, 4802 Ebensee am Traunsee<\/a><\/p>\n<\/div><\/div><\/div><\/div><\/div>","protected":false},"excerpt":{"rendered":"<p>Die Gl\u00f6cklerpasse &#8222;Alt-Ebensee&#8220; hat es schon seit Beginn des 20. Jahrhunderts bis in die 1940er Jahre gegeben. \u00dcber den genauen Zeitpunkt der damaligen Gr\u00fcndung und Aufl\u00f6sung gibt es keine Aufzeichnungen. 1973 wurde die Passe erneut gegr\u00fcndet. Das Quartier der Alt-Ebenseer Gl\u00f6ckler befindet sich in der Almhausstr. 24, 4802 Ebensee am Traunsee<\/p>\n","protected":false},"author":1,"featured_media":0,"parent":0,"menu_order":0,"comment_status":"closed","ping_status":"closed","template":"","meta":{"_mi_skip_tracking":false},"_links":{"self":[{"href":"https:\/\/www.alt-ebensee.at\/wp\/index.php?rest_route=\/wp\/v2\/pages\/4"}],"collection":[{"href":"https:\/\/www.alt-ebensee.at\/wp\/index.php?rest_route=\/wp\/v2\/pages"}],"about":[{"href":"https:\/\/www.alt-ebensee.at\/wp\/index.php?rest_route=\/wp\/v2\/types\/page"}],"author":[{"embeddable":true,"href":"https:\/\/www.alt-ebensee.at\/wp\/index.php?rest_route=\/wp\/v2\/users\/1"}],"replies":[{"embeddable":true,"href":"https:\/\/www.alt-ebensee.at\/wp\/index.php?rest_route=%2Fwp%2Fv2%2Fcomments&post=4"}],"version-history":[{"count":20,"href":"https:\/\/www.alt-ebensee.at\/wp\/index.php?rest_route=\/wp\/v2\/pages\/4\/revisions"}],"predecessor-version":[{"id":330,"href":"https:\/\/www.alt-ebensee.at\/wp\/index.php?rest_route=\/wp\/v2\/pages\/4\/revisions\/330"}],"wp:attachment":[{"href":"https:\/\/www.alt-ebensee.at\/wp\/index.php?rest_route=%2Fwp%2Fv2%2Fmedia&parent=4"}],"curies":[{"name":"wp","href":"https:\/\/api.w.org\/{rel}","templated":true}]}}